{"id":42,"date":"2020-06-15T12:17:03","date_gmt":"2020-06-15T12:17:03","guid":{"rendered":"https:\/\/elverumfhs.no\/tjenester\/?page_id=42"},"modified":"2026-04-23T06:44:35","modified_gmt":"2026-04-23T06:44:35","slug":"kurs-konferanser","status":"publish","type":"page","link":"https:\/\/elverumfhs.no\/tjenester\/kurs-konferanser\/","title":{"rendered":"Kurs og Konferanser"},"content":{"rendered":"\n\t<div class=\"wp-block-elverum-library-hero alignfull has-background has-primary-dark-background-color has-image\">\n\t\t\t\t\t\t\t\t\t<div class=\"wp-block-elverum-library-hero-image\" style=\"background-image:url(https:\/\/elverumfhs.no\/content\/uploads\/sites\/2\/2020\/09\/ElverumFHS_Tjenester_Seminar_Konferanse_Kurs__web09.jpg);background-position:50% 50%;\"><\/div>\n\t\t\t\n\t\t\t\n\t\t\n\t\t\n\t\t\n\t\t\n\t\t<div class=\"elverum-library-hero-block__inner\">\n\t\t\t<div class=\"elverum-library-hero-block__content text-align-left\">\n\t\t\t\t\t\t\t\t\t\t\t\t\t<h1 class=\"heading-1\">Kurs og Konferanser<\/h1>\n\t\t\t\t\t\t\t\t\t\t\t\t\t<p class=\"elverum-library-hero-block__content-lead\">Kurs- og konferanselokaler i Elverum p\u00e5 Elverum folkeh\u00f8gskole.<\/p>\n\t\t\t\t\t\t\t<\/div>\n\t\t<\/div>\n\t<\/div>\n\n\t\n\n\n<p>Elverum folkeh\u00f8gskole ligger sentralt i Elverum, idyllisk til mellom Sagtjernet og Glomma. De historiske r\u00f8dmalte bygningene i \u00d8sterdal-stil gir den perfekte rammen for ditt kurs. Vi kan tilby kurs- og konferanselokaler i Elverum med personlig service tilpasset dine behov.<\/p>\n\n\n\n<p>Foredragssalen p\u00e5 Elverum folkeh\u00f8gskole har plass til 100 mennesker, og har opplegg for lyd og bildefremvisning.<\/p>\n\n\n\n<p>Storsalen har scene og det kan plasseres ut stoler til 250 mennesker. Stolene kan settes i amfi. Scenen kan bygges ut med sceneelementer. Her er det lydanlegg av topp kvalitet, mulighet for tr\u00e5dl\u00f8se mikrofoner, lys og prosjektor.<\/p>\n\n\n\n<p>Ta kontakt med Solrunn Irene Nordlien for bestilling og kapasitet.<\/p>\n\n\n\t<div class=\"t2-featured-single-post t2-featured-content is-post-type-teft-people role-utleieansvarlig wp-block-dekode-block-person-card t2-featured-content-layout-col-6\">\n\t\t<div class=\"person-card-inner\">\n\t\t\t\t\t\t\t<figure class=\"person-card-image\">\n\t\t\t\t\t<img loading=\"lazy\" decoding=\"async\" width=\"300\" height=\"225\" src=\"https:\/\/elverumfhs.no\/content\/uploads\/sites\/2\/2020\/09\/Solrunn-Irene-Nordlien_v2-300x225.jpg\" class=\"attachment-medium size-medium\" alt=\"\" srcset=\"https:\/\/elverumfhs.no\/content\/uploads\/sites\/2\/2020\/09\/Solrunn-Irene-Nordlien_v2-300x225.jpg 300w, https:\/\/elverumfhs.no\/content\/uploads\/sites\/2\/2020\/09\/Solrunn-Irene-Nordlien_v2-1024x768.jpg 1024w, https:\/\/elverumfhs.no\/content\/uploads\/sites\/2\/2020\/09\/Solrunn-Irene-Nordlien_v2-768x576.jpg 768w, https:\/\/elverumfhs.no\/content\/uploads\/sites\/2\/2020\/09\/Solrunn-Irene-Nordlien_v2-1536x1152.jpg 1536w, https:\/\/elverumfhs.no\/content\/uploads\/sites\/2\/2020\/09\/Solrunn-Irene-Nordlien_v2.jpg 1696w\" sizes=\"auto, (max-width: 300px) 100vw, 300px\" \/>\t\t\t\t<\/figure>\n\t\t\t\t\t\t<div class=\"person-card-content\">\n\t\t\t\t\t\t\t\t\t<div class=\"person-card-roles\">\n\t\t\t\t\t\tUtleieansvarlig\t\t\t\t\t<\/div>\n\t\t\t\t\t\t\t\t<h3 class=\"person-card-title\">\n\t\t\t\t\tSolrunn Irene Nordlien\t\t\t\t<\/h3>\n\t\t\t\t\t\t\t\t\t\t\t\t\t<div class=\"person-card-meta\">\n\t\t\t\t\t\t\t\t\t\t\t\t\t<div class=\"person-card-phone\">\n\t\t\t\t\t\t\t\t<a href=\"tel:90516892\">\n\t\t\t\t\t\t\t\t\t905 16 892\t\t\t\t\t\t\t\t<\/a>\n\t\t\t\t\t\t\t<\/div>\n\t\t\t\t\t\t\t\t\t\t\t\t\t\t\t\t\t\t\t<div class=\"person-card-email\">\n\t\t\t\t\t\t\t\t<a href=\"mailto:solrunn@elverumfhs.no\">\n\t\t\t\t\t\t\t\t\tsolrunn@elverumfhs.no\t\t\t\t\t\t\t\t<\/a>\n\t\t\t\t\t\t\t<\/div>\n\t\t\t\t\t\t\t\t\t\t\t<\/div>\n\t\t\t\t\t\t\t<\/div>\n\t\t<\/div>\n\t<\/div>\n\t\n\n<div class=\"alignfull wp-block-elverum-library-cards-wrap has-background has-primary-light-background-color\"><div class=\"elverum-library-cards__inner\"><h2>Flere tjenester<\/h2>\n<div class=\"t2-featured-content-layout alignwide alignwide wp-block-t2-featured-content-layout\" role=\"list\">\n<div class=\"t2-featured-single-post t2-featured-content is-post-type-page wp-block-t2-featured-single-post t2-featured-content-layout-col-4\" role=\"listitem\"><a class=\"t2-post-link wp-block-t2-post-link\" href=\"https:\/\/elverumfhs.no\/tjenester\/overnatting\/\">\n<figure style=\"--t2-focal-point: 50% 50%;\" class=\"t2-post-featured-image has-image-ratio-16-9 wp-block-t2-post-featured-image\"><img loading=\"lazy\" decoding=\"async\" width=\"768\" height=\"513\" src=\"https:\/\/elverumfhs.no\/content\/uploads\/sites\/2\/2020\/09\/ElverumFHS_Internat_Skolebygg_2018_09_web-768x513.jpg\" class=\"attachment-medium_large size-medium_large wp-post-image\" alt=\"Internatrom p\u00e5 Elverum folkeh\u00f8gskole\" srcset=\"https:\/\/elverumfhs.no\/content\/uploads\/sites\/2\/2020\/09\/ElverumFHS_Internat_Skolebygg_2018_09_web-768x513.jpg 768w, https:\/\/elverumfhs.no\/content\/uploads\/sites\/2\/2020\/09\/ElverumFHS_Internat_Skolebygg_2018_09_web-300x200.jpg 300w, https:\/\/elverumfhs.no\/content\/uploads\/sites\/2\/2020\/09\/ElverumFHS_Internat_Skolebygg_2018_09_web-1024x684.jpg 1024w, https:\/\/elverumfhs.no\/content\/uploads\/sites\/2\/2020\/09\/ElverumFHS_Internat_Skolebygg_2018_09_web-1536x1026.jpg 1536w, https:\/\/elverumfhs.no\/content\/uploads\/sites\/2\/2020\/09\/ElverumFHS_Internat_Skolebygg_2018_09_web.jpg 1920w\" sizes=\"auto, (max-width: 768px) 100vw, 768px\" \/><\/figure>\n\n\t\t<div class=\"card--post-content wp-block-t2-wrapper\">\n<h2 class=\"t2-post-title wp-block-t2-post-title\">Overnatting<\/h2>\n<div class=\"wp-block-t2-icon is-layout-flex wp-block-icon-is-layout-flex\"><svg xmlns=\"http:\/\/www.w3.org\/2000\/svg\" viewBox=\"0 0 24 24\" height=\"24\" width=\"24\" class=\"t2-icon t2-icon-chevronright\" aria-hidden=\"true\" focusable=\"false\"><path d=\"M8.699219 17.300781c-.183594-.183593-.273438-.417969-.273438-.699219 0-.285156.089844-.519531.273438-.703124L12.601562 12 8.699219 8.101562c-.183594-.183593-.273438-.417968-.273438-.703124 0-.28125.089844-.515626.273438-.699219.183593-.183594.417969-.273438.699219-.273438.285156 0 .519531.089844.703124.273438l4.597657 4.601562c.101562.097657.171875.207031.214843.324219.039063.117188.0625.242188.0625.375s-.023437.257812-.0625.375c-.042968.117188-.113281.226562-.214843.324219l-4.597657 4.601562c-.183593.183594-.417968.273438-.703124.273438-.28125 0-.515626-.089844-.699219-.273438Zm0 0\" fill=\"currentColor\" \/><\/svg><\/div>\n<\/div>\n<\/a>\n<\/div>\n\n<div class=\"t2-featured-single-post t2-featured-content is-post-type-page wp-block-t2-featured-single-post t2-featured-content-layout-col-4\" role=\"listitem\"><a class=\"t2-post-link wp-block-t2-post-link\" href=\"https:\/\/elverumfhs.no\/tjenester\/selskaplokaler\/\">\n<figure style=\"--t2-focal-point: 51% 40%;\" class=\"t2-post-featured-image has-image-ratio-16-9 wp-block-t2-post-featured-image\"><img loading=\"lazy\" decoding=\"async\" width=\"768\" height=\"576\" src=\"https:\/\/elverumfhs.no\/content\/uploads\/sites\/2\/2025\/02\/IMG_0855-768x576.jpg\" class=\"attachment-medium_large size-medium_large wp-post-image\" alt=\"\" srcset=\"https:\/\/elverumfhs.no\/content\/uploads\/sites\/2\/2025\/02\/IMG_0855-768x576.jpg 768w, https:\/\/elverumfhs.no\/content\/uploads\/sites\/2\/2025\/02\/IMG_0855-300x225.jpg 300w, https:\/\/elverumfhs.no\/content\/uploads\/sites\/2\/2025\/02\/IMG_0855-1024x768.jpg 1024w, https:\/\/elverumfhs.no\/content\/uploads\/sites\/2\/2025\/02\/IMG_0855-1536x1152.jpg 1536w, https:\/\/elverumfhs.no\/content\/uploads\/sites\/2\/2025\/02\/IMG_0855-2048x1536.jpg 2048w\" sizes=\"auto, (max-width: 768px) 100vw, 768px\" \/><\/figure>\n\n\t\t<div class=\"card--post-content wp-block-t2-wrapper\">\n<h2 class=\"t2-post-title wp-block-t2-post-title\">Selskapslokaler<\/h2>\n<div class=\"wp-block-t2-icon is-layout-flex wp-block-icon-is-layout-flex\"><svg xmlns=\"http:\/\/www.w3.org\/2000\/svg\" viewBox=\"0 0 24 24\" height=\"24\" width=\"24\" class=\"t2-icon t2-icon-chevronright\" aria-hidden=\"true\" focusable=\"false\"><path d=\"M8.699219 17.300781c-.183594-.183593-.273438-.417969-.273438-.699219 0-.285156.089844-.519531.273438-.703124L12.601562 12 8.699219 8.101562c-.183594-.183593-.273438-.417968-.273438-.703124 0-.28125.089844-.515626.273438-.699219.183593-.183594.417969-.273438.699219-.273438.285156 0 .519531.089844.703124.273438l4.597657 4.601562c.101562.097657.171875.207031.214843.324219.039063.117188.0625.242188.0625.375s-.023437.257812-.0625.375c-.042968.117188-.113281.226562-.214843.324219l-4.597657 4.601562c-.183593.183594-.417968.273438-.703124.273438-.28125 0-.515626-.089844-.699219-.273438Zm0 0\" fill=\"currentColor\" \/><\/svg><\/div>\n<\/div>\n<\/a>\n<\/div>\n\n<div class=\"t2-featured-single-post t2-featured-content is-post-type-page wp-block-t2-featured-single-post t2-featured-content-layout-col-4\" role=\"listitem\"><a class=\"t2-post-link wp-block-t2-post-link\" href=\"https:\/\/elverumfhs.no\/tjenester\/catering\/\">\n<figure style=\"--t2-focal-point: 50% 50%;\" class=\"t2-post-featured-image has-image-ratio-16-9 wp-block-t2-post-featured-image\"><img loading=\"lazy\" decoding=\"async\" width=\"768\" height=\"511\" src=\"https:\/\/elverumfhs.no\/content\/uploads\/sites\/2\/2025\/02\/eyJ0IjoiMSIsImsiOiJBMWQifQ.6qsaiWVKhUwhIt0vo7F-yZk7qBkhidMfM8AjOuAX9P3YTItSETTPbQv5AQpr-gORq36QbP4BTE6yPDHOEv4A3jKHyyd7_wC6e96mJIV5EuI.36Zymtt6UaLOW0GkdrLusA-768x511.jpeg\" class=\"attachment-medium_large size-medium_large wp-post-image\" alt=\"\" srcset=\"https:\/\/elverumfhs.no\/content\/uploads\/sites\/2\/2025\/02\/eyJ0IjoiMSIsImsiOiJBMWQifQ.6qsaiWVKhUwhIt0vo7F-yZk7qBkhidMfM8AjOuAX9P3YTItSETTPbQv5AQpr-gORq36QbP4BTE6yPDHOEv4A3jKHyyd7_wC6e96mJIV5EuI.36Zymtt6UaLOW0GkdrLusA-768x511.jpeg 768w, https:\/\/elverumfhs.no\/content\/uploads\/sites\/2\/2025\/02\/eyJ0IjoiMSIsImsiOiJBMWQifQ.6qsaiWVKhUwhIt0vo7F-yZk7qBkhidMfM8AjOuAX9P3YTItSETTPbQv5AQpr-gORq36QbP4BTE6yPDHOEv4A3jKHyyd7_wC6e96mJIV5EuI.36Zymtt6UaLOW0GkdrLusA-300x200.jpeg 300w, https:\/\/elverumfhs.no\/content\/uploads\/sites\/2\/2025\/02\/eyJ0IjoiMSIsImsiOiJBMWQifQ.6qsaiWVKhUwhIt0vo7F-yZk7qBkhidMfM8AjOuAX9P3YTItSETTPbQv5AQpr-gORq36QbP4BTE6yPDHOEv4A3jKHyyd7_wC6e96mJIV5EuI.36Zymtt6UaLOW0GkdrLusA-1024x681.jpeg 1024w, https:\/\/elverumfhs.no\/content\/uploads\/sites\/2\/2025\/02\/eyJ0IjoiMSIsImsiOiJBMWQifQ.6qsaiWVKhUwhIt0vo7F-yZk7qBkhidMfM8AjOuAX9P3YTItSETTPbQv5AQpr-gORq36QbP4BTE6yPDHOEv4A3jKHyyd7_wC6e96mJIV5EuI.36Zymtt6UaLOW0GkdrLusA-1536x1022.jpeg 1536w, https:\/\/elverumfhs.no\/content\/uploads\/sites\/2\/2025\/02\/eyJ0IjoiMSIsImsiOiJBMWQifQ.6qsaiWVKhUwhIt0vo7F-yZk7qBkhidMfM8AjOuAX9P3YTItSETTPbQv5AQpr-gORq36QbP4BTE6yPDHOEv4A3jKHyyd7_wC6e96mJIV5EuI.36Zymtt6UaLOW0GkdrLusA.jpeg 1920w\" sizes=\"auto, (max-width: 768px) 100vw, 768px\" \/><\/figure>\n\n\t\t<div class=\"card--post-content wp-block-t2-wrapper\">\n<h2 class=\"t2-post-title wp-block-t2-post-title\">Catering<\/h2>\n<div class=\"wp-block-t2-icon is-layout-flex wp-block-icon-is-layout-flex\"><svg xmlns=\"http:\/\/www.w3.org\/2000\/svg\" viewBox=\"0 0 24 24\" height=\"24\" width=\"24\" class=\"t2-icon t2-icon-chevronright\" aria-hidden=\"true\" focusable=\"false\"><path d=\"M8.699219 17.300781c-.183594-.183593-.273438-.417969-.273438-.699219 0-.285156.089844-.519531.273438-.703124L12.601562 12 8.699219 8.101562c-.183594-.183593-.273438-.417968-.273438-.703124 0-.28125.089844-.515626.273438-.699219.183593-.183594.417969-.273438.699219-.273438.285156 0 .519531.089844.703124.273438l4.597657 4.601562c.101562.097657.171875.207031.214843.324219.039063.117188.0625.242188.0625.375s-.023437.257812-.0625.375c-.042968.117188-.113281.226562-.214843.324219l-4.597657 4.601562c-.183593.183594-.417968.273438-.703124.273438-.28125 0-.515626-.089844-.699219-.273438Zm0 0\" fill=\"currentColor\" \/><\/svg><\/div>\n<\/div>\n<\/a>\n<\/div>\n\n<div class=\"t2-featured-single-post t2-featured-content is-post-type-page wp-block-t2-featured-single-post t2-featured-content-layout-col-4\" role=\"listitem\"><a class=\"t2-post-link wp-block-t2-post-link\" href=\"https:\/\/elverumfhs.no\/tjenester\/leie-minibuss\/\">\n<figure style=\"--t2-focal-point: 50% 50%;\" class=\"t2-post-featured-image has-image-ratio-16-9 wp-block-t2-post-featured-image\"><img loading=\"lazy\" decoding=\"async\" width=\"768\" height=\"509\" src=\"https:\/\/elverumfhs.no\/content\/uploads\/sites\/2\/2020\/09\/ElverumFHS_Tjenester_Leie-minibuss_Kj\u00f8ret\u00f8y__web03-768x509.jpg\" class=\"attachment-medium_large size-medium_large wp-post-image\" alt=\"Minibusser p\u00e5 rekke\" srcset=\"https:\/\/elverumfhs.no\/content\/uploads\/sites\/2\/2020\/09\/ElverumFHS_Tjenester_Leie-minibuss_Kj\u00f8ret\u00f8y__web03-768x509.jpg 768w, https:\/\/elverumfhs.no\/content\/uploads\/sites\/2\/2020\/09\/ElverumFHS_Tjenester_Leie-minibuss_Kj\u00f8ret\u00f8y__web03-300x199.jpg 300w, https:\/\/elverumfhs.no\/content\/uploads\/sites\/2\/2020\/09\/ElverumFHS_Tjenester_Leie-minibuss_Kj\u00f8ret\u00f8y__web03-1024x678.jpg 1024w, https:\/\/elverumfhs.no\/content\/uploads\/sites\/2\/2020\/09\/ElverumFHS_Tjenester_Leie-minibuss_Kj\u00f8ret\u00f8y__web03-1536x1018.jpg 1536w, https:\/\/elverumfhs.no\/content\/uploads\/sites\/2\/2020\/09\/ElverumFHS_Tjenester_Leie-minibuss_Kj\u00f8ret\u00f8y__web03.jpg 1920w\" sizes=\"auto, (max-width: 768px) 100vw, 768px\" \/><\/figure>\n\n\t\t<div class=\"card--post-content wp-block-t2-wrapper\">\n<h2 class=\"t2-post-title wp-block-t2-post-title\">Leie minibuss<\/h2>\n<div class=\"wp-block-t2-icon is-layout-flex wp-block-icon-is-layout-flex\"><svg xmlns=\"http:\/\/www.w3.org\/2000\/svg\" viewBox=\"0 0 24 24\" height=\"24\" width=\"24\" class=\"t2-icon t2-icon-chevronright\" aria-hidden=\"true\" focusable=\"false\"><path d=\"M8.699219 17.300781c-.183594-.183593-.273438-.417969-.273438-.699219 0-.285156.089844-.519531.273438-.703124L12.601562 12 8.699219 8.101562c-.183594-.183593-.273438-.417968-.273438-.703124 0-.28125.089844-.515626.273438-.699219.183593-.183594.417969-.273438.699219-.273438.285156 0 .519531.089844.703124.273438l4.597657 4.601562c.101562.097657.171875.207031.214843.324219.039063.117188.0625.242188.0625.375s-.023437.257812-.0625.375c-.042968.117188-.113281.226562-.214843.324219l-4.597657 4.601562c-.183593.183594-.417968.273438-.703124.273438-.28125 0-.515626-.089844-.699219-.273438Zm0 0\" fill=\"currentColor\" \/><\/svg><\/div>\n<\/div>\n<\/a>\n<\/div>\n<\/div>\n<\/div><\/div>","protected":false},"excerpt":{"rendered":"<p>Elverum folkeh\u00f8gskole ligger sentralt i Elverum, idyllisk til mellom Sagtjernet og Glomma. De historiske r\u00f8dmalte bygningene i \u00d8sterdal-stil gir den perfekte rammen for ditt kurs. Vi kan tilby kurs- og konferanselokaler i Elverum med personlig service tilpasset dine behov. Foredragssalen p\u00e5 Elverum folkeh\u00f8gskole har plass til 100 mennesker, og har opplegg for lyd og bildefremvisning. [&hellip;]<\/p>\n","protected":false},"author":1,"featured_media":162,"parent":0,"menu_order":0,"comment_status":"closed","ping_status":"closed","template":"","meta":{"_acf_changed":false,"t2_featured_media_focal_point":{"x":0.5,"y":0.5},"teft_cards_bgcolor":"","teft_cards_bgcolor_light":"","footnotes":""},"class_list":["post-42","page","type-page","status-publish","has-post-thumbnail","hentry"],"yoast_head":"<!-- This site is optimized with the Yoast SEO Premium plugin v25.2 (Yoast SEO v25.9) - https:\/\/yoast.com\/wordpress\/plugins\/seo\/ -->\n<title>Elverum folkeh\u00f8gskole | Utleie og tjenester | Kurs og Konferanser<\/title>\n<meta name=\"robots\" content=\"index, follow, max-snippet:-1, max-image-preview:large, max-video-preview:-1\" \/>\n<link rel=\"canonical\" href=\"https:\/\/elverumfhs.no\/tjenester\/kurs-konferanser\/\" \/>\n<meta property=\"og:locale\" content=\"nb_NO\" \/>\n<meta property=\"og:type\" content=\"article\" \/>\n<meta property=\"og:title\" content=\"Kurs og Konferanser\" \/>\n<meta property=\"og:description\" content=\"Elverum folkeh\u00f8gskole ligger sentralt i Elverum, idyllisk til mellom Sagtjernet og Glomma. De historiske r\u00f8dmalte bygningene i \u00d8sterdal-stil gir den perfekte rammen for ditt kurs. Vi kan tilby kurs- og konferanselokaler i Elverum med personlig service tilpasset dine behov. Foredragssalen p\u00e5 Elverum folkeh\u00f8gskole har plass til 100 mennesker, og har opplegg for lyd og bildefremvisning. [&hellip;]\" \/>\n<meta property=\"og:url\" content=\"https:\/\/elverumfhs.no\/tjenester\/kurs-konferanser\/\" \/>\n<meta property=\"og:site_name\" content=\"Elverum folkeh\u00f8gskole | Utleie og tjenester\" \/>\n<meta property=\"article:modified_time\" content=\"2026-04-23T06:44:35+00:00\" \/>\n<meta property=\"og:image\" content=\"https:\/\/elverumfhs.no\/content\/uploads\/sites\/2\/2020\/09\/ElverumFHS_Tjenester_Seminar_Konferanse_Kurs__web09.jpg\" \/>\n\t<meta property=\"og:image:width\" content=\"1920\" \/>\n\t<meta property=\"og:image:height\" content=\"1282\" \/>\n\t<meta property=\"og:image:type\" content=\"image\/jpeg\" \/>\n<meta name=\"twitter:card\" content=\"summary_large_image\" \/>\n<meta name=\"twitter:label1\" content=\"Ansl. lesetid\" \/>\n\t<meta name=\"twitter:data1\" content=\"1 minutt\" \/>\n<script type=\"application\/ld+json\" class=\"yoast-schema-graph\">{\"@context\":\"https:\/\/schema.org\",\"@graph\":[{\"@type\":\"WebPage\",\"@id\":\"https:\/\/elverumfhs.no\/tjenester\/kurs-konferanser\/\",\"url\":\"https:\/\/elverumfhs.no\/tjenester\/kurs-konferanser\/\",\"name\":\"Elverum folkeh\u00f8gskole | Utleie og tjenester | Kurs og Konferanser\",\"isPartOf\":{\"@id\":\"https:\/\/elverumfhs.no\/tjenester\/#website\"},\"primaryImageOfPage\":{\"@id\":\"https:\/\/elverumfhs.no\/tjenester\/kurs-konferanser\/#primaryimage\"},\"image\":{\"@id\":\"https:\/\/elverumfhs.no\/tjenester\/kurs-konferanser\/#primaryimage\"},\"thumbnailUrl\":\"https:\/\/elverumfhs.no\/content\/uploads\/sites\/2\/2020\/09\/ElverumFHS_Tjenester_Seminar_Konferanse_Kurs__web09.jpg\",\"datePublished\":\"2020-06-15T12:17:03+00:00\",\"dateModified\":\"2026-04-23T06:44:35+00:00\",\"breadcrumb\":{\"@id\":\"https:\/\/elverumfhs.no\/tjenester\/kurs-konferanser\/#breadcrumb\"},\"inLanguage\":\"nb-NO\",\"potentialAction\":[{\"@type\":\"ReadAction\",\"target\":[\"https:\/\/elverumfhs.no\/tjenester\/kurs-konferanser\/\"]}]},{\"@type\":\"ImageObject\",\"inLanguage\":\"nb-NO\",\"@id\":\"https:\/\/elverumfhs.no\/tjenester\/kurs-konferanser\/#primaryimage\",\"url\":\"https:\/\/elverumfhs.no\/content\/uploads\/sites\/2\/2020\/09\/ElverumFHS_Tjenester_Seminar_Konferanse_Kurs__web09.jpg\",\"contentUrl\":\"https:\/\/elverumfhs.no\/content\/uploads\/sites\/2\/2020\/09\/ElverumFHS_Tjenester_Seminar_Konferanse_Kurs__web09.jpg\",\"width\":1920,\"height\":1282,\"caption\":\"Kursholder p\u00e5 Elverum folkeh\u00f8gskole\"},{\"@type\":\"BreadcrumbList\",\"@id\":\"https:\/\/elverumfhs.no\/tjenester\/kurs-konferanser\/#breadcrumb\",\"itemListElement\":[{\"@type\":\"ListItem\",\"position\":1,\"name\":\"Home\",\"item\":\"https:\/\/elverumfhs.no\/tjenester\/\"},{\"@type\":\"ListItem\",\"position\":2,\"name\":\"Kurs og Konferanser\"}]},{\"@type\":\"WebSite\",\"@id\":\"https:\/\/elverumfhs.no\/tjenester\/#website\",\"url\":\"https:\/\/elverumfhs.no\/tjenester\/\",\"name\":\"Elverum folkeh\u00f8gskole | Utleie og tjenester\",\"description\":\"Historiske rammer og gode priser\",\"publisher\":{\"@id\":\"https:\/\/elverumfhs.no\/tjenester\/#organization\"},\"potentialAction\":[{\"@type\":\"SearchAction\",\"target\":{\"@type\":\"EntryPoint\",\"urlTemplate\":\"https:\/\/elverumfhs.no\/tjenester\/?s={search_term_string}\"},\"query-input\":{\"@type\":\"PropertyValueSpecification\",\"valueRequired\":true,\"valueName\":\"search_term_string\"}}],\"inLanguage\":\"nb-NO\"},{\"@type\":\"Organization\",\"@id\":\"https:\/\/elverumfhs.no\/tjenester\/#organization\",\"name\":\"Elverum folkeh\u00f8gskole\",\"url\":\"https:\/\/elverumfhs.no\/tjenester\/\",\"logo\":{\"@type\":\"ImageObject\",\"inLanguage\":\"nb-NO\",\"@id\":\"https:\/\/elverumfhs.no\/tjenester\/#\/schema\/logo\/image\/\",\"url\":\"https:\/\/elverumfhs.no\/content\/uploads\/sites\/2\/2020\/06\/logo.png\",\"contentUrl\":\"https:\/\/elverumfhs.no\/content\/uploads\/sites\/2\/2020\/06\/logo.png\",\"width\":248,\"height\":55,\"caption\":\"Elverum folkeh\u00f8gskole\"},\"image\":{\"@id\":\"https:\/\/elverumfhs.no\/tjenester\/#\/schema\/logo\/image\/\"}}]}<\/script>\n<!-- \/ Yoast SEO Premium plugin. -->","yoast_head_json":{"title":"Elverum folkeh\u00f8gskole | Utleie og tjenester | Kurs og Konferanser","robots":{"index":"index","follow":"follow","max-snippet":"max-snippet:-1","max-image-preview":"max-image-preview:large","max-video-preview":"max-video-preview:-1"},"canonical":"https:\/\/elverumfhs.no\/tjenester\/kurs-konferanser\/","og_locale":"nb_NO","og_type":"article","og_title":"Kurs og Konferanser","og_description":"Elverum folkeh\u00f8gskole ligger sentralt i Elverum, idyllisk til mellom Sagtjernet og Glomma. De historiske r\u00f8dmalte bygningene i \u00d8sterdal-stil gir den perfekte rammen for ditt kurs. Vi kan tilby kurs- og konferanselokaler i Elverum med personlig service tilpasset dine behov. Foredragssalen p\u00e5 Elverum folkeh\u00f8gskole har plass til 100 mennesker, og har opplegg for lyd og bildefremvisning. [&hellip;]","og_url":"https:\/\/elverumfhs.no\/tjenester\/kurs-konferanser\/","og_site_name":"Elverum folkeh\u00f8gskole | Utleie og tjenester","article_modified_time":"2026-04-23T06:44:35+00:00","og_image":[{"width":1920,"height":1282,"url":"https:\/\/elverumfhs.no\/content\/uploads\/sites\/2\/2020\/09\/ElverumFHS_Tjenester_Seminar_Konferanse_Kurs__web09.jpg","type":"image\/jpeg"}],"twitter_card":"summary_large_image","twitter_misc":{"Ansl. lesetid":"1 minutt"},"schema":{"@context":"https:\/\/schema.org","@graph":[{"@type":"WebPage","@id":"https:\/\/elverumfhs.no\/tjenester\/kurs-konferanser\/","url":"https:\/\/elverumfhs.no\/tjenester\/kurs-konferanser\/","name":"Elverum folkeh\u00f8gskole | Utleie og tjenester | Kurs og Konferanser","isPartOf":{"@id":"https:\/\/elverumfhs.no\/tjenester\/#website"},"primaryImageOfPage":{"@id":"https:\/\/elverumfhs.no\/tjenester\/kurs-konferanser\/#primaryimage"},"image":{"@id":"https:\/\/elverumfhs.no\/tjenester\/kurs-konferanser\/#primaryimage"},"thumbnailUrl":"https:\/\/elverumfhs.no\/content\/uploads\/sites\/2\/2020\/09\/ElverumFHS_Tjenester_Seminar_Konferanse_Kurs__web09.jpg","datePublished":"2020-06-15T12:17:03+00:00","dateModified":"2026-04-23T06:44:35+00:00","breadcrumb":{"@id":"https:\/\/elverumfhs.no\/tjenester\/kurs-konferanser\/#breadcrumb"},"inLanguage":"nb-NO","potentialAction":[{"@type":"ReadAction","target":["https:\/\/elverumfhs.no\/tjenester\/kurs-konferanser\/"]}]},{"@type":"ImageObject","inLanguage":"nb-NO","@id":"https:\/\/elverumfhs.no\/tjenester\/kurs-konferanser\/#primaryimage","url":"https:\/\/elverumfhs.no\/content\/uploads\/sites\/2\/2020\/09\/ElverumFHS_Tjenester_Seminar_Konferanse_Kurs__web09.jpg","contentUrl":"https:\/\/elverumfhs.no\/content\/uploads\/sites\/2\/2020\/09\/ElverumFHS_Tjenester_Seminar_Konferanse_Kurs__web09.jpg","width":1920,"height":1282,"caption":"Kursholder p\u00e5 Elverum folkeh\u00f8gskole"},{"@type":"BreadcrumbList","@id":"https:\/\/elverumfhs.no\/tjenester\/kurs-konferanser\/#breadcrumb","itemListElement":[{"@type":"ListItem","position":1,"name":"Home","item":"https:\/\/elverumfhs.no\/tjenester\/"},{"@type":"ListItem","position":2,"name":"Kurs og Konferanser"}]},{"@type":"WebSite","@id":"https:\/\/elverumfhs.no\/tjenester\/#website","url":"https:\/\/elverumfhs.no\/tjenester\/","name":"Elverum folkeh\u00f8gskole | Utleie og tjenester","description":"Historiske rammer og gode priser","publisher":{"@id":"https:\/\/elverumfhs.no\/tjenester\/#organization"},"potentialAction":[{"@type":"SearchAction","target":{"@type":"EntryPoint","urlTemplate":"https:\/\/elverumfhs.no\/tjenester\/?s={search_term_string}"},"query-input":{"@type":"PropertyValueSpecification","valueRequired":true,"valueName":"search_term_string"}}],"inLanguage":"nb-NO"},{"@type":"Organization","@id":"https:\/\/elverumfhs.no\/tjenester\/#organization","name":"Elverum folkeh\u00f8gskole","url":"https:\/\/elverumfhs.no\/tjenester\/","logo":{"@type":"ImageObject","inLanguage":"nb-NO","@id":"https:\/\/elverumfhs.no\/tjenester\/#\/schema\/logo\/image\/","url":"https:\/\/elverumfhs.no\/content\/uploads\/sites\/2\/2020\/06\/logo.png","contentUrl":"https:\/\/elverumfhs.no\/content\/uploads\/sites\/2\/2020\/06\/logo.png","width":248,"height":55,"caption":"Elverum folkeh\u00f8gskole"},"image":{"@id":"https:\/\/elverumfhs.no\/tjenester\/#\/schema\/logo\/image\/"}}]}},"acf":[],"_links":{"self":[{"href":"https:\/\/elverumfhs.no\/tjenester\/wp-json\/wp\/v2\/pages\/42","targetHints":{"allow":["GET"]}}],"collection":[{"href":"https:\/\/elverumfhs.no\/tjenester\/wp-json\/wp\/v2\/pages"}],"about":[{"href":"https:\/\/elverumfhs.no\/tjenester\/wp-json\/wp\/v2\/types\/page"}],"author":[{"embeddable":true,"href":"https:\/\/elverumfhs.no\/tjenester\/wp-json\/wp\/v2\/users\/1"}],"replies":[{"embeddable":true,"href":"https:\/\/elverumfhs.no\/tjenester\/wp-json\/wp\/v2\/comments?post=42"}],"version-history":[{"count":5,"href":"https:\/\/elverumfhs.no\/tjenester\/wp-json\/wp\/v2\/pages\/42\/revisions"}],"predecessor-version":[{"id":494,"href":"https:\/\/elverumfhs.no\/tjenester\/wp-json\/wp\/v2\/pages\/42\/revisions\/494"}],"wp:featuredmedia":[{"embeddable":true,"href":"https:\/\/elverumfhs.no\/tjenester\/wp-json\/wp\/v2\/media\/162"}],"wp:attachment":[{"href":"https:\/\/elverumfhs.no\/tjenester\/wp-json\/wp\/v2\/media?parent=42"}],"curies":[{"name":"wp","href":"https:\/\/api.w.org\/{rel}","templated":true}]}}